{"id":64,"date":"2024-11-17T19:20:10","date_gmt":"2024-11-17T18:20:10","guid":{"rendered":"https:\/\/praxis-priester.ch\/zahnarzt\/impressum\/"},"modified":"2024-12-11T00:22:04","modified_gmt":"2024-12-10T23:22:04","slug":"impressum","status":"publish","type":"page","link":"https:\/\/praxis-priester.ch\/zahnarzt\/impressum\/","title":{"rendered":"Impressum"},"content":{"rendered":"\n    \n    <section class=\"u-clearfix u-palette-5-light-2 u-section-2\" id=\"sec-d3aa\">\n      <div class=\"u-clearfix u-sheet u-sheet-1\">\n        <div class=\"data-layout-selected u-clearfix u-expanded-width u-layout-wrap u-layout-wrap-1\">\n          <div class=\"u-gutter-0 u-layout\">\n            <div class=\"u-layout-row\">\n              <div class=\"u-size-30 u-size-60-md\">\n                <div class=\"u-layout-row\">\n                  <div class=\"u-container-style u-image u-layout-cell u-left-cell u-size-60 u-image-1\" data-image-width=\"1416\" data-image-height=\"1080\" data-animation-name=\"customAnimationIn\" data-animation-duration=\"2000\" data-animation-delay=\"0\" style=\"background-image: url(&quot;https:\/\/praxis-priester.ch\/zahnarzt\/wp-content\/uploads\/2024\/11\/praxis_priester_zanharzt_muri_Behandlungsraum_1.jpg&quot;);\">\n                    <div class=\"u-container-layout\"><\/div>\n                  <\/div>\n                <\/div>\n              <\/div>\n              <div class=\"u-size-30 u-size-60-md\">\n                <div class=\"u-layout-col\">\n                  <div class=\"u-size-40\">\n                    <div class=\"u-layout-row\">\n                      <div class=\"u-container-style u-layout-cell u-right-cell u-size-60 u-white u-layout-cell-2\" data-animation-name=\"customAnimationIn\" data-animation-duration=\"2000\" data-animation-delay=\"0\">\n                        <div class=\"u-container-layout u-valign-middle-lg u-valign-middle-xl u-container-layout-2\">\n                          <h1 class=\"u-text u-title u-text-1\"> Zahnarztpraxis<br>\n                            <span style=\"font-size: 1.5625rem;\">SSO \/ ZGA \/ SSE \/ SVK<\/span>\n                          <\/h1>\n                          <p class=\"u-text u-text-2\">\n                            <span style=\"font-weight: 700;\"> Kontaktinformationen, Regelungen und rechtliche Hinweise<\/span>\n                            <span style=\"font-weight: 700;\">.<\/span>\n                            <br> Transparenz und Vertrauen sind uns wichtig. Hier finden Sie alle relevanten Angaben zu unserer Praxis, unseren rechtlichen Rahmenbedingungen und Kontaktm\u00f6glichkeiten. \n                          <\/p>\n                        <\/div>\n                      <\/div>\n                    <\/div>\n                  <\/div>\n                  <div class=\"u-size-20\">\n                    <div class=\"u-layout-row\">\n                      <div class=\"u-container-style u-image u-layout-cell u-size-20 u-image-2\" data-image-width=\"640\" data-image-height=\"480\" data-animation-name=\"customAnimationIn\" data-animation-duration=\"2000\" data-animation-delay=\"600\" style=\"background-image: url(&quot;https:\/\/praxis-priester.ch\/zahnarzt\/wp-content\/uploads\/2024\/11\/IMG_7215BHZ2-rotated.jpg&quot;);\">\n                        <div class=\"u-container-layout\"><\/div>\n                      <\/div>\n                      <div class=\"u-container-style u-image u-layout-cell u-size-20 u-image-3\" data-image-width=\"1440\" data-image-height=\"1080\" data-animation-name=\"customAnimationIn\" data-animation-duration=\"2000\" data-animation-delay=\"700\" style=\"background-image: url(&quot;https:\/\/praxis-priester.ch\/zahnarzt\/wp-content\/uploads\/2024\/11\/praxis_priester_zanharzt_muri_welcome_1.jpg&quot;);\">\n                        <div class=\"u-container-layout\"><\/div>\n                      <\/div>\n                      <div class=\"u-container-style u-hidden-sm u-hidden-xs u-image u-layout-cell u-right-cell u-size-20 u-image-4\" data-image-width=\"1440\" data-image-height=\"1080\" data-animation-name=\"customAnimationIn\" data-animation-duration=\"2000\" data-animation-delay=\"800\" style=\"background-image: url(&quot;https:\/\/praxis-priester.ch\/zahnarzt\/wp-content\/uploads\/2024\/11\/praxis_priester_zanharzt_muri_welcome1.jpg&quot;);\">\n                        <div class=\"u-container-layout\"><\/div>\n                      <\/div>\n                    <\/div>\n                  <\/div>\n                <\/div>\n              <\/div>\n            <\/div>\n          <\/div>\n        <\/div>\n      <\/div>\n    <\/section>\n    <section class=\"u-clearfix u-gradient u-section-3\" id=\"sec-13ce\">\n      <div class=\"u-clearfix u-sheet u-sheet-1\">\n        <div class=\"u-container-align-center u-container-style u-group u-group-1\">\n          <div class=\"u-container-layout u-container-layout-1\">\n            <h1 class=\"u-align-center u-custom-font u-font-open-sans u-text u-text-body-alt-color u-text-1\"> Impressum<\/h1>\n            <div class=\"u-align-center u-border-2 u-border-white u-line u-line-horizontal u-line-1\"><\/div>\n            <p class=\"u-align-center u-text u-text-white u-text-2\" data-animation-name=\"customAnimationIn\" data-animation-duration=\"1500\" data-animation-delay=\"0\">\n              <span style=\"font-weight: 700;\">Name und Anschrift der Praxis:<\/span>\n              <br>\n              <span style=\"font-weight: 300;\">Dr. med. dent. Sven Priester <br>Kirchenfeldstrasse 6 <br>5630 Muri (AG)\n              <\/span>\n              <br>\n              <br>\n              <span style=\"font-weight: 700;\">Kontaktinformationen:<\/span>\n              <br>\n              <span style=\"font-weight: 300;\">Telefon 056 664 07 70 <br>E-Mail info@praxis-priester.ch <br>Internet www.praxis-priester.ch \n              <\/span>\n              <br>\n              <br>\n              <span style=\"font-weight: 700;\">Webverantwortlicher:<\/span>\n              <br>Inderbitzin-solutions<br>E-Mail roi@inderbitzin-solutions.ch<br>Internet www.\u200binderbitzin-solutions.ch<br>\n              <br>\n              <span style=\"font-weight: 700;\">Vertretungsberechtigte Person(en):<\/span>\n              <br>\n              <span style=\"font-weight: 300;\"> Dr. med. dent. Sven Priester<\/span>\n              <br>\n              <br>\n              <span style=\"font-weight: 700;\">Berufsbezeichnung und Zust\u00e4ndigkeit:<\/span>\n              <br>\n              <span style=\"font-weight: 300;\">DR. MED. DENT. ZAHNARZT SSO<br>Beurteiler SVA, Kant. Sozialdienst,&nbsp;<br>Konsiliarzahnarzt Kreisspital, Muri AG \n              <\/span>\n              <br>\n              <br>\n              <span style=\"font-weight: 700;\">Haftungsausschluss oder rechtliche Hinweise:<\/span>\n              <br>\n              <span style=\"font-weight: 300;\"><\/span>\n              <span style=\"font-weight: 700;\">Haftung f\u00fcr Inhalte:<\/span>\n              <br>\n              <span style=\"font-weight: 300;\">Die Inhalte unserer Website wurden mit gr\u00f6sster Sorgfalt erstellt. F\u00fcr die Richtigkeit, Vollst\u00e4ndigkeit und Aktualit\u00e4t der Inhalte k\u00f6nnen wir jedoch keine Gew\u00e4hr \u00fcbernehmen. Als Diensteanbieter sind wir gem\u00e4ss den geltenden gesetzlichen Bestimmungen f\u00fcr eigene Inhalte auf diesen Seiten verantwortlich. Wir sind jedoch nicht verpflichtet, \u00fcbermittelte oder gespeicherte fremde Informationen zu \u00fcberwachen oder nach Umst\u00e4nden zu forschen, die auf eine rechtswidrige T\u00e4tigkeit hinweisen. Verpflichtungen zur Entfernung oder Sperrung der Nutzung von Informationen nach den allgemeinen Gesetzen bleiben hiervon unber\u00fchrt. Eine diesbez\u00fcgliche Haftung ist jedoch erst ab dem Zeitpunkt der Kenntnis einer konkreten Rechtsverletzung m\u00f6glich. Bei Bekanntwerden von entsprechenden Rechtsverletzungen werden wir diese Inhalte umgehend entfernen.&nbsp;<\/span>\n              <br>\n              <span style=\"font-weight: 700;\">Haftung f\u00fcr Links:<\/span>\n              <br>\n              <span style=\"font-weight: 300;\">Unsere Website enth\u00e4lt Links zu externen Websites Dritter, auf deren Inhalte wir keinen Einfluss haben. Deshalb k\u00f6nnen wir f\u00fcr diese fremden Inhalte auch keine Gew\u00e4hr \u00fcbernehmen. F\u00fcr die Inhalte der verlinkten Seiten ist stets der jeweilige Anbieter oder Betreiber der Seiten verantwortlich. Die verlinkten Seiten wurden zum Zeitpunkt der Verlinkung auf m\u00f6gliche Rechtsverst\u00f6sse \u00fcberpr\u00fcft. Rechtswidrige Inhalte waren zum Zeitpunkt der Verlinkung nicht erkennbar. Eine permanente inhaltliche Kontrolle der verlinkten Seiten ist jedoch ohne konkrete Anhaltspunkte einer Rechtsverletzung nicht zumutbar. Bei Bekanntwerden von Rechtsverletzungen werden wir derartige Links umgehend entfernen.<\/span>\n              <br>\n              <span style=\"font-weight: 700;\">Urheberrecht:<\/span>\n              <br>\n              <span style=\"font-weight: 300;\">Die durch die Seitenbetreiber erstellten Inhalte und Werke auf diesen Seiten unterliegen dem Urheberrecht. Die Vervielf\u00e4ltigung, Bearbeitung, Verbreitung und jede Art der Verwertung ausserhalb der Grenzen des Urheberrechts bed\u00fcrfen der schriftlichen Zustimmung des jeweiligen Autors bzw. Erstellers. Downloads und Kopien dieser Seite sind nur f\u00fcr den privaten, nicht kommerziellen Gebrauch gestattet. Soweit die Inhalte auf dieser Seite nicht vom Betreiber erstellt wurden, werden die Urheberrechte Dritter beachtet. Insbesondere werden Inhalte Dritter als solche gekennzeichnet. Sollten Sie trotzdem auf eine Urheberrechtsverletzung aufmerksam werden, bitten wir um einen entsprechenden Hinweis. Bei Bekanntwerden von Rechtsverletzungen werden wir derartige Inhalte umgehend entfernen.<\/span>\n              <br>\n              <br>Praxis Priester, Muri (AG) 11.11.2024 \n            <\/p>\n          <\/div>\n        <\/div>\n      <\/div>\n    <\/section>\n    \n    \n    \n    \n  \n","protected":false},"excerpt":{"rendered":"<p>Zahnarztpraxis SSO \/ ZGA \/ SSE \/ SVK Kontaktinformationen, Regelungen und rechtliche Hinweise . Transparenz und Vertrauen sind uns wichtig. Hier finden Sie alle relevanten Angaben zu unserer Praxis, unseren rechtlichen Rahmenbedingungen und Kontaktm\u00f6glichkeiten. Impressum Name und Anschrift der Praxis: Dr. med. dent. Sven Priester Kirchenfeldstrasse 6 5630 Muri (AG) Kontaktinformationen: Telefon 056 664 07 &hellip; <a href=\"https:\/\/praxis-priester.ch\/zahnarzt\/impressum\/\" class=\"more-link\">Continue reading<span class=\"screen-reader-text\"> &#171;Impressum&#187;<\/span><\/a><\/p>\n","protected":false},"author":1,"featured_media":0,"parent":0,"menu_order":4,"comment_status":"closed","ping_status":"closed","template":"","meta":{"footnotes":""},"class_list":["post-64","page","type-page","status-publish","hentry"],"yoast_head":"<!-- This site is optimized with the Yoast SEO plugin v25.8 - https:\/\/yoast.com\/wordpress\/plugins\/seo\/ -->\n<title>Impressum - Praxis Priester - Ihre Zahnarztpraxis in der Region Muri (AG)<\/title>\n<meta name=\"description\" content=\"Kontaktinformationen, Regelungen und rechtliche Hinweise .Transparenz und Vertrauen sind uns wichtig. Hier finden Sie alle relevanten Angaben zu unserer Praxis, unseren rechtlichen Rahmenbedingungen und Kontaktm\u00f6glichkeiten.\" \/>\n<meta name=\"robots\" content=\"index, follow, max-snippet:-1, max-image-preview:large, max-video-preview:-1\" \/>\n<link rel=\"canonical\" href=\"https:\/\/praxis-priester.ch\/zahnarzt\/impressum\/\" \/>\n<meta property=\"og:locale\" content=\"de_DE\" \/>\n<meta property=\"og:type\" content=\"article\" \/>\n<meta property=\"og:title\" content=\"Impressum - Praxis Priester - Ihre Zahnarztpraxis in der Region Muri (AG)\" \/>\n<meta property=\"og:description\" content=\"Kontaktinformationen, Regelungen und rechtliche Hinweise .Transparenz und Vertrauen sind uns wichtig. Hier finden Sie alle relevanten Angaben zu unserer Praxis, unseren rechtlichen Rahmenbedingungen und Kontaktm\u00f6glichkeiten.\" \/>\n<meta property=\"og:url\" content=\"https:\/\/praxis-priester.ch\/zahnarzt\/impressum\/\" \/>\n<meta property=\"og:site_name\" content=\"Praxis Priester - Ihre Zahnarztpraxis in der Region Muri (AG)\" \/>\n<meta property=\"article:modified_time\" content=\"2024-12-10T23:22:04+00:00\" \/>\n<meta name=\"twitter:card\" content=\"summary_large_image\" \/>\n<meta name=\"twitter:label1\" content=\"Gesch\u00e4tzte Lesezeit\" \/>\n\t<meta name=\"twitter:data1\" content=\"3\u00a0Minuten\" \/>\n<script type=\"application\/ld+json\" class=\"yoast-schema-graph\">{\"@context\":\"https:\/\/schema.org\",\"@graph\":[{\"@type\":\"WebPage\",\"@id\":\"https:\/\/praxis-priester.ch\/zahnarzt\/impressum\/\",\"url\":\"https:\/\/praxis-priester.ch\/zahnarzt\/impressum\/\",\"name\":\"Impressum - Praxis Priester - Ihre Zahnarztpraxis in der Region Muri (AG)\",\"isPartOf\":{\"@id\":\"https:\/\/praxis-priester.ch\/zahnarzt\/#website\"},\"datePublished\":\"2024-11-17T18:20:10+00:00\",\"dateModified\":\"2024-12-10T23:22:04+00:00\",\"description\":\"Kontaktinformationen, Regelungen und rechtliche Hinweise .Transparenz und Vertrauen sind uns wichtig. Hier finden Sie alle relevanten Angaben zu unserer Praxis, unseren rechtlichen Rahmenbedingungen und Kontaktm\u00f6glichkeiten.\",\"breadcrumb\":{\"@id\":\"https:\/\/praxis-priester.ch\/zahnarzt\/impressum\/#breadcrumb\"},\"inLanguage\":\"de-CH\",\"potentialAction\":[{\"@type\":\"ReadAction\",\"target\":[\"https:\/\/praxis-priester.ch\/zahnarzt\/impressum\/\"]}]},{\"@type\":\"BreadcrumbList\",\"@id\":\"https:\/\/praxis-priester.ch\/zahnarzt\/impressum\/#breadcrumb\",\"itemListElement\":[{\"@type\":\"ListItem\",\"position\":1,\"name\":\"Startseite\",\"item\":\"https:\/\/praxis-priester.ch\/zahnarzt\/\"},{\"@type\":\"ListItem\",\"position\":2,\"name\":\"Impressum\"}]},{\"@type\":\"WebSite\",\"@id\":\"https:\/\/praxis-priester.ch\/zahnarzt\/#website\",\"url\":\"https:\/\/praxis-priester.ch\/zahnarzt\/\",\"name\":\"Praxis Priester - Ihre Zahnarztpraxis in der Region Muri (Aargau)\",\"description\":\"\",\"publisher\":{\"@id\":\"https:\/\/praxis-priester.ch\/zahnarzt\/#organization\"},\"potentialAction\":[{\"@type\":\"SearchAction\",\"target\":{\"@type\":\"EntryPoint\",\"urlTemplate\":\"https:\/\/praxis-priester.ch\/zahnarzt\/?s={search_term_string}\"},\"query-input\":{\"@type\":\"PropertyValueSpecification\",\"valueRequired\":true,\"valueName\":\"search_term_string\"}}],\"inLanguage\":\"de-CH\"},{\"@type\":\"Organization\",\"@id\":\"https:\/\/praxis-priester.ch\/zahnarzt\/#organization\",\"name\":\"Zahnarztpraxis SSO \/ ZGA \/ SSE \/ SVK - Dr. med. dent. Sven Priester\",\"url\":\"https:\/\/praxis-priester.ch\/zahnarzt\/\",\"logo\":{\"@type\":\"ImageObject\",\"inLanguage\":\"de-CH\",\"@id\":\"https:\/\/praxis-priester.ch\/zahnarzt\/#\/schema\/logo\/image\/\",\"url\":\"https:\/\/praxis-priester.ch\/zahnarzt\/wp-content\/uploads\/2024\/11\/logo_praxis-priester-zahnarzt-muri-1.png\",\"contentUrl\":\"https:\/\/praxis-priester.ch\/zahnarzt\/wp-content\/uploads\/2024\/11\/logo_praxis-priester-zahnarzt-muri-1.png\",\"width\":280,\"height\":62,\"caption\":\"Zahnarztpraxis SSO \/ ZGA \/ SSE \/ SVK - Dr. med. dent. Sven Priester\"},\"image\":{\"@id\":\"https:\/\/praxis-priester.ch\/zahnarzt\/#\/schema\/logo\/image\/\"}}]}<\/script>\n<!-- \/ Yoast SEO plugin. -->","yoast_head_json":{"title":"Impressum - Praxis Priester - Ihre Zahnarztpraxis in der Region Muri (AG)","description":"Kontaktinformationen, Regelungen und rechtliche Hinweise .Transparenz und Vertrauen sind uns wichtig. Hier finden Sie alle relevanten Angaben zu unserer Praxis, unseren rechtlichen Rahmenbedingungen und Kontaktm\u00f6glichkeiten.","robots":{"index":"index","follow":"follow","max-snippet":"max-snippet:-1","max-image-preview":"max-image-preview:large","max-video-preview":"max-video-preview:-1"},"canonical":"https:\/\/praxis-priester.ch\/zahnarzt\/impressum\/","og_locale":"de_DE","og_type":"article","og_title":"Impressum - Praxis Priester - Ihre Zahnarztpraxis in der Region Muri (AG)","og_description":"Kontaktinformationen, Regelungen und rechtliche Hinweise .Transparenz und Vertrauen sind uns wichtig. Hier finden Sie alle relevanten Angaben zu unserer Praxis, unseren rechtlichen Rahmenbedingungen und Kontaktm\u00f6glichkeiten.","og_url":"https:\/\/praxis-priester.ch\/zahnarzt\/impressum\/","og_site_name":"Praxis Priester - Ihre Zahnarztpraxis in der Region Muri (AG)","article_modified_time":"2024-12-10T23:22:04+00:00","twitter_card":"summary_large_image","twitter_misc":{"Gesch\u00e4tzte Lesezeit":"3\u00a0Minuten"},"schema":{"@context":"https:\/\/schema.org","@graph":[{"@type":"WebPage","@id":"https:\/\/praxis-priester.ch\/zahnarzt\/impressum\/","url":"https:\/\/praxis-priester.ch\/zahnarzt\/impressum\/","name":"Impressum - Praxis Priester - Ihre Zahnarztpraxis in der Region Muri (AG)","isPartOf":{"@id":"https:\/\/praxis-priester.ch\/zahnarzt\/#website"},"datePublished":"2024-11-17T18:20:10+00:00","dateModified":"2024-12-10T23:22:04+00:00","description":"Kontaktinformationen, Regelungen und rechtliche Hinweise .Transparenz und Vertrauen sind uns wichtig. Hier finden Sie alle relevanten Angaben zu unserer Praxis, unseren rechtlichen Rahmenbedingungen und Kontaktm\u00f6glichkeiten.","breadcrumb":{"@id":"https:\/\/praxis-priester.ch\/zahnarzt\/impressum\/#breadcrumb"},"inLanguage":"de-CH","potentialAction":[{"@type":"ReadAction","target":["https:\/\/praxis-priester.ch\/zahnarzt\/impressum\/"]}]},{"@type":"BreadcrumbList","@id":"https:\/\/praxis-priester.ch\/zahnarzt\/impressum\/#breadcrumb","itemListElement":[{"@type":"ListItem","position":1,"name":"Startseite","item":"https:\/\/praxis-priester.ch\/zahnarzt\/"},{"@type":"ListItem","position":2,"name":"Impressum"}]},{"@type":"WebSite","@id":"https:\/\/praxis-priester.ch\/zahnarzt\/#website","url":"https:\/\/praxis-priester.ch\/zahnarzt\/","name":"Praxis Priester - Ihre Zahnarztpraxis in der Region Muri (Aargau)","description":"","publisher":{"@id":"https:\/\/praxis-priester.ch\/zahnarzt\/#organization"},"potentialAction":[{"@type":"SearchAction","target":{"@type":"EntryPoint","urlTemplate":"https:\/\/praxis-priester.ch\/zahnarzt\/?s={search_term_string}"},"query-input":{"@type":"PropertyValueSpecification","valueRequired":true,"valueName":"search_term_string"}}],"inLanguage":"de-CH"},{"@type":"Organization","@id":"https:\/\/praxis-priester.ch\/zahnarzt\/#organization","name":"Zahnarztpraxis SSO \/ ZGA \/ SSE \/ SVK - Dr. med. dent. Sven Priester","url":"https:\/\/praxis-priester.ch\/zahnarzt\/","logo":{"@type":"ImageObject","inLanguage":"de-CH","@id":"https:\/\/praxis-priester.ch\/zahnarzt\/#\/schema\/logo\/image\/","url":"https:\/\/praxis-priester.ch\/zahnarzt\/wp-content\/uploads\/2024\/11\/logo_praxis-priester-zahnarzt-muri-1.png","contentUrl":"https:\/\/praxis-priester.ch\/zahnarzt\/wp-content\/uploads\/2024\/11\/logo_praxis-priester-zahnarzt-muri-1.png","width":280,"height":62,"caption":"Zahnarztpraxis SSO \/ ZGA \/ SSE \/ SVK - Dr. med. dent. Sven Priester"},"image":{"@id":"https:\/\/praxis-priester.ch\/zahnarzt\/#\/schema\/logo\/image\/"}}]}},"_links":{"self":[{"href":"https:\/\/praxis-priester.ch\/zahnarzt\/wp-json\/wp\/v2\/pages\/64","targetHints":{"allow":["GET"]}}],"collection":[{"href":"https:\/\/praxis-priester.ch\/zahnarzt\/wp-json\/wp\/v2\/pages"}],"about":[{"href":"https:\/\/praxis-priester.ch\/zahnarzt\/wp-json\/wp\/v2\/types\/page"}],"author":[{"embeddable":true,"href":"https:\/\/praxis-priester.ch\/zahnarzt\/wp-json\/wp\/v2\/users\/1"}],"replies":[{"embeddable":true,"href":"https:\/\/praxis-priester.ch\/zahnarzt\/wp-json\/wp\/v2\/comments?post=64"}],"version-history":[{"count":6,"href":"https:\/\/praxis-priester.ch\/zahnarzt\/wp-json\/wp\/v2\/pages\/64\/revisions"}],"predecessor-version":[{"id":171,"href":"https:\/\/praxis-priester.ch\/zahnarzt\/wp-json\/wp\/v2\/pages\/64\/revisions\/171"}],"wp:attachment":[{"href":"https:\/\/praxis-priester.ch\/zahnarzt\/wp-json\/wp\/v2\/media?parent=64"}],"curies":[{"name":"wp","href":"https:\/\/api.w.org\/{rel}","templated":true}]}}